{"id":8,"date":"2021-03-26T19:15:29","date_gmt":"2021-03-26T18:15:29","guid":{"rendered":"http:\/\/h2882894.stratoserver.net\/?page_id=8"},"modified":"2026-01-30T08:07:18","modified_gmt":"2026-01-30T07:07:18","slug":"sfc-ellerstadt","status":"publish","type":"page","link":"https:\/\/www.sfc-ellerstadt.de\/","title":{"rendered":"SFC Ellerstadt"},"content":{"rendered":"\t\t<div data-elementor-type=\"wp-page\" data-elementor-id=\"8\" class=\"elementor elementor-8\">\n\t\t\t\t\t\t\t\t\t<section class=\"elementor-section elementor-top-section elementor-element elementor-element-36f5636 elementor-section-boxed elementor-section-height-default elementor-section-height-default\" data-id=\"36f5636\" data-element_type=\"section\">\n\t\t\t\t\t\t<div class=\"elementor-container elementor-column-gap-default\">\n\t\t\t\t\t<div class=\"elementor-column elementor-col-100 elementor-top-column elementor-element elementor-element-25b1f27\" data-id=\"25b1f27\" data-element_type=\"column\">\n\t\t\t<div class=\"elementor-widget-wrap elementor-element-populated\">\n\t\t\t\t\t\t\t\t<div class=\"elementor-element elementor-element-50e7f90 elementor-widget elementor-widget-spacer\" data-id=\"50e7f90\" data-element_type=\"widget\" data-widget_type=\"spacer.default\">\n\t\t\t\t<div class=\"elementor-widget-container\">\n\t\t\t\t\t<div class=\"elementor-spacer\">\n\t\t\t<div class=\"elementor-spacer-inner\"><\/div>\n\t\t<\/div>\n\t\t\t\t<\/div>\n\t\t\t\t<\/div>\n\t\t\t\t<div class=\"elementor-element elementor-element-f016bdc elementor-widget elementor-widget-heading\" data-id=\"f016bdc\" data-element_type=\"widget\" data-widget_type=\"heading.default\">\n\t\t\t\t<div class=\"elementor-widget-container\">\n\t\t\t<h2 class=\"elementor-heading-title elementor-size-default\">Willkommen beim SFC-Ellerstadt<\/h2>\t\t<\/div>\n\t\t\t\t<\/div>\n\t\t\t\t<div class=\"elementor-element elementor-element-beb9a9a elementor-widget elementor-widget-text-editor\" data-id=\"beb9a9a\" data-element_type=\"widget\" data-widget_type=\"text-editor.default\">\n\t\t\t\t<div class=\"elementor-widget-container\">\n\t\t\t\t\t\t\t<p>Wenn Sie sich f\u00fcr Themen rund um den Angelsport, einheimische Fischerei \/ Fische sowie f\u00fcr lebenswerte Natur und Umwelt interessieren &#8211; dann finden Sie hier viele interessante Informationen und Links.<\/p><p>Unser Verein ist nicht nur ein klassischer Sport &#8211; Fischerverein. Unser Engagement ist so vielf\u00e4ltig, dass fast Jede(r) M\u00f6glichkeiten finden kann, sich sinnvoll in Verein und Gesellschaft einzubringen.<\/p><p><b><i>Wer mag, sogar ganz ohne zu Fischen<\/i><\/b>.\u00a0<\/p><p>Wenn Sie bestimmte Informationen vermissen oder Anregungen f\u00fcr Verbesserungen (auch unserer Seiten) haben, dann schreiben Sie uns doch einfach eine <a href=\"mailto: kontakt@sfc-ellerstadt.de\" target=\"_blank\" rel=\"noopener\">E-Mail<\/a>.<\/p>\t\t\t\t\t\t<\/div>\n\t\t\t\t<\/div>\n\t\t\t\t<div class=\"elementor-element elementor-element-b64cdfe elementor-skin-carousel elementor-arrows-yes elementor-pagination-type-bullets elementor-pagination-position-outside elementor-widget elementor-widget-media-carousel\" data-id=\"b64cdfe\" data-element_type=\"widget\" data-settings=\"{&quot;skin&quot;:&quot;carousel&quot;,&quot;effect&quot;:&quot;slide&quot;,&quot;show_arrows&quot;:&quot;yes&quot;,&quot;pagination&quot;:&quot;bullets&quot;,&quot;speed&quot;:500,&quot;loop&quot;:&quot;yes&quot;,&quot;space_between&quot;:{&quot;unit&quot;:&quot;px&quot;,&quot;size&quot;:10,&quot;sizes&quot;:[]},&quot;space_between_tablet&quot;:{&quot;unit&quot;:&quot;px&quot;,&quot;size&quot;:10,&quot;sizes&quot;:[]},&quot;space_between_mobile&quot;:{&quot;unit&quot;:&quot;px&quot;,&quot;size&quot;:10,&quot;sizes&quot;:[]}}\" data-widget_type=\"media-carousel.default\">\n\t\t\t\t<div class=\"elementor-widget-container\">\n\t\t\t\t\t<div class=\"elementor-swiper\">\n\t\t\t<div class=\"elementor-main-swiper swiper-container\">\n\t\t\t\t<div class=\"swiper-wrapper\">\n\t\t\t\t\t\t\t\t\t\t\t<div class=\"swiper-slide\">\n\t\t\t\t\t\t\t<a href=\"https:\/\/www.sfc-ellerstadt.de\/wp_cms\/wp-content\/uploads\/2021\/05\/Ursprung-des-Heidewald-Weihers.jpg\" data-elementor-open-lightbox=\"yes\" data-elementor-lightbox-slideshow=\"b64cdfe\" data-elementor-lightbox-title=\"Ursprung des Heidewald Weihers\" e-action-hash=\"#elementor-action%3Aaction%3Dlightbox%26settings%3DeyJpZCI6MjM2OSwidXJsIjoiaHR0cHM6XC9cL3d3dy5zZmMtZWxsZXJzdGFkdC5kZVwvd3BfY21zXC93cC1jb250ZW50XC91cGxvYWRzXC8yMDIxXC8wNVwvVXJzcHJ1bmctZGVzLUhlaWRld2FsZC1XZWloZXJzLmpwZyIsInNsaWRlc2hvdyI6ImI2NGNkZmUifQ%3D%3D\">\t\t<div class=\"elementor-carousel-image\" style=\"background-image: url(https:\/\/www.sfc-ellerstadt.de\/wp_cms\/wp-content\/uploads\/2021\/05\/Ursprung-des-Heidewald-Weihers.jpg)\">\n\t\t\t\t\t<\/div>\n\t\t<\/a>\t\t\t\t\t\t<\/div>\n\t\t\t\t\t\t\t\t\t\t\t<div class=\"swiper-slide\">\n\t\t\t\t\t\t\t<a href=\"https:\/\/www.sfc-ellerstadt.de\/wp_cms\/wp-content\/uploads\/2021\/05\/Weiher-heute-Luftbild-21-05-19.jpg\" data-elementor-open-lightbox=\"yes\" data-elementor-lightbox-slideshow=\"b64cdfe\" data-elementor-lightbox-title=\"Weiher heute Luftbild\" e-action-hash=\"#elementor-action%3Aaction%3Dlightbox%26settings%3DeyJpZCI6MjY5MywidXJsIjoiaHR0cHM6XC9cL3d3dy5zZmMtZWxsZXJzdGFkdC5kZVwvd3BfY21zXC93cC1jb250ZW50XC91cGxvYWRzXC8yMDIxXC8wNVwvV2VpaGVyLWhldXRlLUx1ZnRiaWxkLTIxLTA1LTE5LmpwZyIsInNsaWRlc2hvdyI6ImI2NGNkZmUifQ%3D%3D\">\t\t<div class=\"elementor-carousel-image\" style=\"background-image: url(https:\/\/www.sfc-ellerstadt.de\/wp_cms\/wp-content\/uploads\/2021\/05\/Weiher-heute-Luftbild-21-05-19.jpg)\">\n\t\t\t\t\t<\/div>\n\t\t<\/a>\t\t\t\t\t\t<\/div>\n\t\t\t\t\t\t\t\t\t\t\t<div class=\"swiper-slide\">\n\t\t\t\t\t\t\t<a href=\"https:\/\/www.sfc-ellerstadt.de\/wp_cms\/wp-content\/uploads\/2021\/05\/Fischen-ganz-am-Anfang-3.jpg\" data-elementor-open-lightbox=\"yes\" data-elementor-lightbox-slideshow=\"b64cdfe\" data-elementor-lightbox-title=\"Fischen ganz am Anfang\" e-action-hash=\"#elementor-action%3Aaction%3Dlightbox%26settings%3DeyJpZCI6MjgzOSwidXJsIjoiaHR0cHM6XC9cL3d3dy5zZmMtZWxsZXJzdGFkdC5kZVwvd3BfY21zXC93cC1jb250ZW50XC91cGxvYWRzXC8yMDIxXC8wNVwvRmlzY2hlbi1nYW56LWFtLUFuZmFuZy0zLmpwZyIsInNsaWRlc2hvdyI6ImI2NGNkZmUifQ%3D%3D\">\t\t<div class=\"elementor-carousel-image\" style=\"background-image: url(https:\/\/www.sfc-ellerstadt.de\/wp_cms\/wp-content\/uploads\/2021\/05\/Fischen-ganz-am-Anfang-3.jpg)\">\n\t\t\t\t\t<\/div>\n\t\t<\/a>\t\t\t\t\t\t<\/div>\n\t\t\t\t\t\t\t\t\t\t\t<div class=\"swiper-slide\">\n\t\t\t\t\t\t\t<a href=\"https:\/\/www.sfc-ellerstadt.de\/wp_cms\/wp-content\/uploads\/2021\/05\/BvW-Sommertag-001.jpg\" data-elementor-open-lightbox=\"yes\" data-elementor-lightbox-slideshow=\"b64cdfe\" data-elementor-lightbox-title=\"Sommertag am Heidewald Weiher\" e-action-hash=\"#elementor-action%3Aaction%3Dlightbox%26settings%3DeyJpZCI6MjQzNCwidXJsIjoiaHR0cHM6XC9cL3d3dy5zZmMtZWxsZXJzdGFkdC5kZVwvd3BfY21zXC93cC1jb250ZW50XC91cGxvYWRzXC8yMDIxXC8wNVwvQnZXLVNvbW1lcnRhZy0wMDEuanBnIiwic2xpZGVzaG93IjoiYjY0Y2RmZSJ9\">\t\t<div class=\"elementor-carousel-image\" style=\"background-image: url(https:\/\/www.sfc-ellerstadt.de\/wp_cms\/wp-content\/uploads\/2021\/05\/BvW-Sommertag-001.jpg)\">\n\t\t\t\t\t<\/div>\n\t\t<\/a>\t\t\t\t\t\t<\/div>\n\t\t\t\t\t\t\t\t\t<\/div>\n\t\t\t\t\t\t\t\t\t\t\t\t\t\t\t<div class=\"swiper-pagination\"><\/div>\n\t\t\t\t\t\t\t\t\t\t\t\t\t\t\t\t<div class=\"elementor-swiper-button elementor-swiper-button-prev\">\n\t\t\t\t\t\t\t<i class=\"eicon-chevron-left\" aria-hidden=\"true\"><\/i>\n\t\t\t\t\t\t\t<span class=\"elementor-screen-only\">Previous<\/span>\n\t\t\t\t\t\t<\/div>\n\t\t\t\t\t\t<div class=\"elementor-swiper-button elementor-swiper-button-next\">\n\t\t\t\t\t\t\t<i class=\"eicon-chevron-right\" aria-hidden=\"true\"><\/i>\n\t\t\t\t\t\t\t<span class=\"elementor-screen-only\">Next<\/span>\n\t\t\t\t\t\t<\/div>\n\t\t\t\t\t\t\t\t\t\t\t\t<\/div>\n\t\t<\/div>\n\t\t\t\t<\/div>\n\t\t\t\t<\/div>\n\t\t\t\t<div class=\"elementor-element elementor-element-0a0d474 elementor-widget elementor-widget-spacer\" data-id=\"0a0d474\" data-element_type=\"widget\" data-widget_type=\"spacer.default\">\n\t\t\t\t<div class=\"elementor-widget-container\">\n\t\t\t\t\t<div class=\"elementor-spacer\">\n\t\t\t<div class=\"elementor-spacer-inner\"><\/div>\n\t\t<\/div>\n\t\t\t\t<\/div>\n\t\t\t\t<\/div>\n\t\t\t\t<div class=\"elementor-element elementor-element-b96ff3f elementor-widget elementor-widget-heading\" data-id=\"b96ff3f\" data-element_type=\"widget\" data-widget_type=\"heading.default\">\n\t\t\t\t<div class=\"elementor-widget-container\">\n\t\t\t<h4 class=\"elementor-heading-title elementor-size-default\">Nachrichten<\/h4>\t\t<\/div>\n\t\t\t\t<\/div>\n\t\t\t\t<div class=\"elementor-element elementor-element-5c0f50d elementor-grid-3 elementor-grid-tablet-2 elementor-grid-mobile-1 elementor-posts--thumbnail-top elementor-widget elementor-widget-posts\" data-id=\"5c0f50d\" data-element_type=\"widget\" data-settings=\"{&quot;classic_columns&quot;:&quot;3&quot;,&quot;classic_columns_tablet&quot;:&quot;2&quot;,&quot;classic_columns_mobile&quot;:&quot;1&quot;,&quot;classic_row_gap&quot;:{&quot;unit&quot;:&quot;px&quot;,&quot;size&quot;:35,&quot;sizes&quot;:[]}}\" data-widget_type=\"posts.classic\">\n\t\t\t\t<div class=\"elementor-widget-container\">\n\t\t\t\t\t<div class=\"elementor-posts-container elementor-posts elementor-posts--skin-classic elementor-grid\">\n\t\t\t\t<article class=\"elementor-post elementor-grid-item post-4141 post type-post status-publish format-standard hentry category-allgemein\">\n\t\t\t\t<div class=\"elementor-post__text\">\n\t\t\t\t<h3 class=\"elementor-post__title\">\n\t\t\t<a href=\"https:\/\/www.sfc-ellerstadt.de\/?p=4141\" target=\"_blank\">\n\t\t\t\tFreilaufender Hund bei\u00dft Reh\t\t\t<\/a>\n\t\t<\/h3>\n\t\t\t\t<div class=\"elementor-post__meta-data\">\n\t\t\t\t\t<span class=\"elementor-post-date\">\n\t\t\t3. Juli 2021\t\t<\/span>\n\t\t\t\t<\/div>\n\t\t\t\t<div class=\"elementor-post__excerpt\">\n\t\t\t<p>Freilaufender Hund verletzt Reh im Landschaftsschutzgebiet Maxdorf Samstag, 03. Juli 2021 Artikel aus dem Mannheimer Morgen vom 03. Juli 2021<\/p>\n\t\t<\/div>\n\t\t\t\t\t<a class=\"elementor-post__read-more\" href=\"https:\/\/www.sfc-ellerstadt.de\/?p=4141\" target=\"_blank\">\n\t\t\t\tweiterlesen \u00bb\t\t\t<\/a>\n\t\t\t\t<\/div>\n\t\t\t\t<\/article>\n\t\t\t\t<article class=\"elementor-post elementor-grid-item post-4167 post type-post status-publish format-standard hentry category-allgemein\">\n\t\t\t\t<div class=\"elementor-post__text\">\n\t\t\t\t<h3 class=\"elementor-post__title\">\n\t\t\t<a href=\"https:\/\/www.sfc-ellerstadt.de\/?p=4167\" target=\"_blank\">\n\t\t\t\tArtikel der B\u00fcrgermeisterin\t\t\t<\/a>\n\t\t<\/h3>\n\t\t\t\t<div class=\"elementor-post__meta-data\">\n\t\t\t\t\t<span class=\"elementor-post-date\">\n\t\t\t3. Juli 2021\t\t<\/span>\n\t\t\t\t<\/div>\n\t\t\t\t<div class=\"elementor-post__excerpt\">\n\t\t\t<p>Artikel der B\u00fcrgermeisterin von Ellerstadt im Amtsblatt Samstag, 03. Juli 2021 Artikel aus dem Amtsblatt der VG Wachenheim vom 03.<\/p>\n\t\t<\/div>\n\t\t\t\t\t<a class=\"elementor-post__read-more\" href=\"https:\/\/www.sfc-ellerstadt.de\/?p=4167\" target=\"_blank\">\n\t\t\t\tweiterlesen \u00bb\t\t\t<\/a>\n\t\t\t\t<\/div>\n\t\t\t\t<\/article>\n\t\t\t\t<article class=\"elementor-post elementor-grid-item post-4152 post type-post status-publish format-standard hentry category-allgemein\">\n\t\t\t\t<div class=\"elementor-post__text\">\n\t\t\t\t<h3 class=\"elementor-post__title\">\n\t\t\t<a href=\"https:\/\/www.sfc-ellerstadt.de\/?p=4152\" target=\"_blank\">\n\t\t\t\tQuad-Fahrer im Landschaftsschutzgebiet\t\t\t<\/a>\n\t\t<\/h3>\n\t\t\t\t<div class=\"elementor-post__meta-data\">\n\t\t\t\t\t<span class=\"elementor-post-date\">\n\t\t\t28. Juni 2021\t\t<\/span>\n\t\t\t\t<\/div>\n\t\t\t\t<div class=\"elementor-post__excerpt\">\n\t\t\t<p>Quad-Fahrer im Landschaftsschutzgebiet Maxdorf Montag, 28. Juni 2021 Besucher des Schutzgebietes haben einen Quad-Fahrer zur Rede gestellt. Das Kennzeichen liegt<\/p>\n\t\t<\/div>\n\t\t\t\t\t<a class=\"elementor-post__read-more\" href=\"https:\/\/www.sfc-ellerstadt.de\/?p=4152\" target=\"_blank\">\n\t\t\t\tweiterlesen \u00bb\t\t\t<\/a>\n\t\t\t\t<\/div>\n\t\t\t\t<\/article>\n\t\t\t\t<article class=\"elementor-post elementor-grid-item post-2661 post type-post status-publish format-standard hentry category-allgemein\">\n\t\t\t\t<div class=\"elementor-post__text\">\n\t\t\t\t<h3 class=\"elementor-post__title\">\n\t\t\t<a href=\"https:\/\/www.sfc-ellerstadt.de\/?p=2661\" target=\"_blank\">\n\t\t\t\tAnfischen 2021\t\t\t<\/a>\n\t\t<\/h3>\n\t\t\t\t<div class=\"elementor-post__meta-data\">\n\t\t\t\t\t<span class=\"elementor-post-date\">\n\t\t\t19. Mai 2021\t\t<\/span>\n\t\t\t\t<\/div>\n\t\t\t\t<div class=\"elementor-post__excerpt\">\n\t\t\t<p>Anfischen 2021 Sonntag, 06. Juni 2021 Treffpunkt 08:15 Uhr am Weiher Eventuell Auslosung des Platzes Start: 08:30 Uhr &#8211; Ende:<\/p>\n\t\t<\/div>\n\t\t\t\t\t<a class=\"elementor-post__read-more\" href=\"https:\/\/www.sfc-ellerstadt.de\/?p=2661\" target=\"_blank\">\n\t\t\t\tweiterlesen \u00bb\t\t\t<\/a>\n\t\t\t\t<\/div>\n\t\t\t\t<\/article>\n\t\t\t\t<article class=\"elementor-post elementor-grid-item post-2650 post type-post status-publish format-standard hentry category-allgemein\">\n\t\t\t\t<div class=\"elementor-post__text\">\n\t\t\t\t<h3 class=\"elementor-post__title\">\n\t\t\t<a href=\"https:\/\/www.sfc-ellerstadt.de\/?p=2650\" target=\"_blank\">\n\t\t\t\tLFV-Pfalz\t\t\t<\/a>\n\t\t<\/h3>\n\t\t\t\t<div class=\"elementor-post__meta-data\">\n\t\t\t\t\t<span class=\"elementor-post-date\">\n\t\t\t19. Mai 2021\t\t<\/span>\n\t\t\t\t<\/div>\n\t\t\t\t<div class=\"elementor-post__excerpt\">\n\t\t\t<p>Landesfischereiverband Pfalz 05.02.2021 Engagement f\u00fcr Umwelt- und Naturschutz findet Anerkennung Das Ministerium f\u00fcr Umwelt, Energie, Ern\u00e4hrung und Forsten &#8211; MUEEF<\/p>\n\t\t<\/div>\n\t\t\t\t\t<a class=\"elementor-post__read-more\" href=\"https:\/\/www.sfc-ellerstadt.de\/?p=2650\" target=\"_blank\">\n\t\t\t\tweiterlesen \u00bb\t\t\t<\/a>\n\t\t\t\t<\/div>\n\t\t\t\t<\/article>\n\t\t\t\t<article class=\"elementor-post elementor-grid-item post-294 post type-post status-publish format-standard hentry category-allgemein\">\n\t\t\t\t<div class=\"elementor-post__text\">\n\t\t\t\t<h3 class=\"elementor-post__title\">\n\t\t\t<a href=\"https:\/\/www.sfc-ellerstadt.de\/?p=294\" target=\"_blank\">\n\t\t\t\tUmwelttag 2021\t\t\t<\/a>\n\t\t<\/h3>\n\t\t\t\t<div class=\"elementor-post__meta-data\">\n\t\t\t\t\t<span class=\"elementor-post-date\">\n\t\t\t27. M\u00e4rz 2021\t\t<\/span>\n\t\t\t\t<\/div>\n\t\t\t\t<div class=\"elementor-post__excerpt\">\n\t\t\t<p>Umwelttag der Verbandsgemeinde Wachenheim Samstag, 27. M\u00e4rz 2021 Auch in diesem Jahr hat sich der Angelverein wieder am Umwelttag der<\/p>\n\t\t<\/div>\n\t\t\t\t\t<a class=\"elementor-post__read-more\" href=\"https:\/\/www.sfc-ellerstadt.de\/?p=294\" target=\"_blank\">\n\t\t\t\tweiterlesen \u00bb\t\t\t<\/a>\n\t\t\t\t<\/div>\n\t\t\t\t<\/article>\n\t\t\t\t<\/div>\n\t\t\t\t<nav class=\"elementor-pagination\" role=\"navigation\" aria-label=\"Pagination\">\n\t\t\t<span class=\"page-numbers prev\">&laquo; Zur\u00fcck<\/span>\n<span aria-current=\"page\" class=\"page-numbers current\"><span class=\"elementor-screen-only\">Page<\/span>1<\/span>\n<a class=\"page-numbers\" href=\"https:\/\/www.sfc-ellerstadt.de\/index.php\/?paged=2&#038;rest_route=%2Fwp%2Fv2%2Fpages%2F8\"><span class=\"elementor-screen-only\">Page<\/span>2<\/a>\n<a class=\"page-numbers next\" href=\"https:\/\/www.sfc-ellerstadt.de\/index.php?rest_route=%2Fwp%2Fv2%2Fpages%2F8&#038;paged=2\">Weiter &raquo;<\/a>\t\t<\/nav>\n\t\t\t\t<\/div>\n\t\t\t\t<\/div>\n\t\t\t\t<div class=\"elementor-element elementor-element-069fe9a elementor-widget elementor-widget-spacer\" data-id=\"069fe9a\" data-element_type=\"widget\" data-widget_type=\"spacer.default\">\n\t\t\t\t<div class=\"elementor-widget-container\">\n\t\t\t\t\t<div class=\"elementor-spacer\">\n\t\t\t<div class=\"elementor-spacer-inner\"><\/div>\n\t\t<\/div>\n\t\t\t\t<\/div>\n\t\t\t\t<\/div>\n\t\t\t\t<div class=\"elementor-element elementor-element-6ac0006 elementor-widget elementor-widget-heading\" data-id=\"6ac0006\" data-element_type=\"widget\" data-widget_type=\"heading.default\">\n\t\t\t\t<div class=\"elementor-widget-container\">\n\t\t\t<h4 class=\"elementor-heading-title elementor-size-default\">Termine 2026<\/h4>\t\t<\/div>\n\t\t\t\t<\/div>\n\t\t\t\t<div class=\"elementor-element elementor-element-17d5fcd elementor-widget elementor-widget-text-editor\" data-id=\"17d5fcd\" data-element_type=\"widget\" data-widget_type=\"text-editor.default\">\n\t\t\t\t<div class=\"elementor-widget-container\">\n\t\t\t\t\t\t\t<p>Die Termine f\u00fcr das Jahr 2026 sind aktuell noch in der Planung<\/p>\t\t\t\t\t\t<\/div>\n\t\t\t\t<\/div>\n\t\t\t\t\t<\/div>\n\t\t<\/div>\n\t\t\t\t\t\t\t<\/div>\n\t\t<\/section>\n\t\t\t\t<section class=\"elementor-section elementor-top-section elementor-element elementor-element-f45774c elementor-section-boxed elementor-section-height-default elementor-section-height-default\" data-id=\"f45774c\" data-element_type=\"section\">\n\t\t\t\t\t\t<div class=\"elementor-container elementor-column-gap-default\">\n\t\t\t\t\t\t\t\t<\/div>\n\t\t<\/section>\n\t\t\t\t\t\t\t<\/div>\n\t\t","protected":false},"excerpt":{"rendered":"<p>Willkommen beim SFC-Ellerstadt Wenn Sie sich f\u00fcr Themen rund um den Angelsport, einheimische Fischerei \/ Fische sowie f\u00fcr lebenswerte Natur und Umwelt interessieren &#8211; dann finden Sie hier viele interessante Informationen und Links. Unser Verein ist nicht nur ein klassischer Sport &#8211; Fischerverein. Unser Engagement ist so vielf\u00e4ltig, dass fast Jede(r) M\u00f6glichkeiten finden kann, sich [&hellip;]<\/p>\n","protected":false},"author":1,"featured_media":0,"parent":0,"menu_order":0,"comment_status":"open","ping_status":"closed","template":"elementor_header_footer","meta":{"footnotes":""},"class_list":["post-8","page","type-page","status-publish","hentry"],"_links":{"self":[{"href":"https:\/\/www.sfc-ellerstadt.de\/index.php?rest_route=\/wp\/v2\/pages\/8","targetHints":{"allow":["GET"]}}],"collection":[{"href":"https:\/\/www.sfc-ellerstadt.de\/index.php?rest_route=\/wp\/v2\/pages"}],"about":[{"href":"https:\/\/www.sfc-ellerstadt.de\/index.php?rest_route=\/wp\/v2\/types\/page"}],"author":[{"embeddable":true,"href":"https:\/\/www.sfc-ellerstadt.de\/index.php?rest_route=\/wp\/v2\/users\/1"}],"replies":[{"embeddable":true,"href":"https:\/\/www.sfc-ellerstadt.de\/index.php?rest_route=%2Fwp%2Fv2%2Fcomments&post=8"}],"version-history":[{"count":475,"href":"https:\/\/www.sfc-ellerstadt.de\/index.php?rest_route=\/wp\/v2\/pages\/8\/revisions"}],"predecessor-version":[{"id":4576,"href":"https:\/\/www.sfc-ellerstadt.de\/index.php?rest_route=\/wp\/v2\/pages\/8\/revisions\/4576"}],"wp:attachment":[{"href":"https:\/\/www.sfc-ellerstadt.de\/index.php?rest_route=%2Fwp%2Fv2%2Fmedia&parent=8"}],"curies":[{"name":"wp","href":"https:\/\/api.w.org\/{rel}","templated":true}]}}